{"id":153,"date":"2016-04-20T21:55:11","date_gmt":"2016-04-20T19:55:11","guid":{"rendered":"http:\/\/yellotab.se\/zon0\/?post_type=product&#038;p=153"},"modified":"2016-05-24T11:06:18","modified_gmt":"2016-05-24T09:06:18","slug":"cykelratt","status":"publish","type":"product","link":"https:\/\/yellotab.se\/zon0\/produkt\/cykelratt\/","title":{"rendered":"Cykelr\u00e4tt"},"content":{"rendered":"<p>N\u00e4r du v\u00e4ljer en cykel fr\u00e5n <strong>solarX<\/strong> har du medvetet gjort ett val att du bryr dig om v\u00e5r planet och ett h\u00e5llbart samh\u00e4lle. Vilket betyder ett nytt f\u00f6rh\u00e5llningss\u00e4tt till hur vi utnyttjar naturens resurser och sk\u00f6ter om v\u00e5ra prylar.<\/p>\n<p>V\u00e5rt l\u00f6fte till dig att din produkt ska vara anv\u00e4ndbar under en mycket l\u00e5ng tid, upp till 50 \u00e5r som \u00e4r det livscykel perspektiv som vi har p\u00e5 denna tj\u00e4nst. F\u00f6r att leva upp till detta s\u00e5 har vi en aff\u00e4rsmodell som inneb\u00e4r ett delat ansvar. Vi kallar det &#8221;Frihet under ansvar&#8221;. \u00a0Vi har tagit l\u00e5nat tankar f\u00f6r \u00e4gandet fr\u00e5n hur bostadsr\u00e4ttsf\u00f6reningar fungerar.<\/p>\n<p><strong>Brukar perspektivet<\/strong> (cykelr\u00e4tt)<\/p>\n<p>Som brukare k\u00f6per du r\u00e4tten att anv\u00e4nda solarXbike cykel s\u00e5 l\u00e4nge du vill enligt de spelregler som f\u00f6reningen s\u00e4tter upp. F\u00f6r att leva upp till v\u00e5rt l\u00f6fte beh\u00f6ver vi din hj\u00e4lp som inneb\u00e4r att du f\u00f6rv\u00e4ntas sk\u00f6ta cykeln enligt v\u00e5ra rekommendationer, du \u00e5tar dig att rapportera in avvikelser som du tycker \u00e4r irriterande eller som hindrat dig att utnyttja cykeln. Du l\u00e4mnar cykel p\u00e5 regelbunden besiktning till oss f\u00f6r att kunna kontroller att allt fungerar som du f\u00f6rv\u00e4ntar dig och att den uppfyller grundl\u00e4ggande trafiks\u00e4kerhet. Den ska skyddas enligt rekommendationer som f\u00f6reningen s\u00e4tter upp.<\/p>\n<p>Detta f\u00f6r att vi ska kunna uppt\u00e4cka och f\u00f6rebygga problem innan de blir ett problem f\u00f6r dig. D\u00e5 f\u00e5r vi statistik och kan bygga erfarenhet p\u00e5 vad du som kund v\u00e4rdes\u00e4tter. Detta g\u00f6r att vi kan ge utvecklingsorganisationen ett bra underlag att jobba med.<\/p>\n<p>&nbsp;<\/p>\n<p><strong>En f\u00f6rening<\/strong><\/p>\n<p>F\u00f6reningen organiserar och sammanst\u00e4ller \u00f6nskem\u00e5l och krav fr\u00e5n dess medlemmar. F\u00f6reningens fr\u00e4msta syfte \u00e4r att s\u00e4kerst\u00e4lla kundn\u00f6jdhet och att det l\u00e5ngsiktiga perspektivet kan uppfyllas. Focusomr\u00e5den \u00e4r s\u00e4kerhet, underh\u00e5llsbarhet och tillf\u00f6rlitlighet. \u00a0 F\u00f6reningen arbetar med kundens \u00f6nskem\u00e5l och sammanst\u00e4ller data och information som f\u00f6rvandlas till statistik som \u00a0anv\u00e4nds f\u00f6r att se till att f\u00f6reningens effektm\u00e5l kan uppfyllas och f\u00f6r att ge ett bra beslutsunderlag till utvecklingsbehov.<\/p>\n<p><strong>Design Greenhouse <\/strong>(Utvecklingsorganisation)<\/p>\n<p>Ett \u00f6ppet utvecklingslabb d\u00e4r vi utvecklar v\u00e5ra projekt tillsammans med andra. Vi har en \u00f6ppen plattform d\u00e4r vi kan dela information mellan personer och mellan system.<\/p>\n<p><strong>Jidoka Innovation<\/strong> (Juridisk person)<\/p>\n<p>solaXbike \u00e4r\u00a0<span style=\"font-weight: 400;\">\u00e4r ett medlemsbaserat n\u00e4tverk inom <\/span><b>Jidoka Innovation AB<\/b><span style=\"font-weight: 400;\"> (Juridisk person).\u00a0<\/span><\/p>\n","protected":false},"excerpt":{"rendered":"<p>Cykelr\u00e4tt inneb\u00e4r att du betalar en kontantinsats f\u00f6r r\u00e4tten att anv\u00e4nda din cykel. Till detta kommer en serviceavgift som betalas under produktens hela livsl\u00e4ngd.<\/p>\n<p>Cykelr\u00e4tt f\u00f6ruts\u00e4tter medlemskap i en cykelr\u00e4ttsf\u00f6rening som ansvarar den l\u00e5ngsiktiga planeringen och ser till att r\u00e4tt f\u00f6ruts\u00e4ttningar finns f\u00f6r att du ska kunna nyttja din cykel utan n\u00e5gra problem.<\/p>\n<p>Nu under testfasen kostar cykelr\u00e4tten 2500:- i insats. Och en serviceavgift p\u00e5 300:- per m\u00e5nad.<\/p>\n<p>V\u00e4ljer du att avsluta v\u00e5rt service avtal, l\u00e4mnar du tillbaka din cykel och f\u00e5r tillbaka 1500:- som ers\u00e4ttning f\u00f6r att du l\u00e4mnar tillbaka cykelr\u00e4tten.<\/p>\n","protected":false},"featured_media":156,"comment_status":"open","ping_status":"closed","template":"single.php","meta":{"jetpack_post_was_ever_published":false},"product_brand":[],"product_cat":[29],"product_tag":[],"class_list":{"0":"post-153","1":"product","2":"type-product","3":"status-publish","4":"has-post-thumbnail","6":"product_cat-okategoriserad","8":"first","9":"instock","10":"purchasable","11":"product-type-simple"},"jetpack_sharing_enabled":true,"jetpack-related-posts":[],"_links":{"self":[{"href":"https:\/\/yellotab.se\/zon0\/wp-json\/wp\/v2\/product\/153","targetHints":{"allow":["GET"]}}],"collection":[{"href":"https:\/\/yellotab.se\/zon0\/wp-json\/wp\/v2\/product"}],"about":[{"href":"https:\/\/yellotab.se\/zon0\/wp-json\/wp\/v2\/types\/product"}],"replies":[{"embeddable":true,"href":"https:\/\/yellotab.se\/zon0\/wp-json\/wp\/v2\/comments?post=153"}],"wp:featuredmedia":[{"embeddable":true,"href":"https:\/\/yellotab.se\/zon0\/wp-json\/wp\/v2\/media\/156"}],"wp:attachment":[{"href":"https:\/\/yellotab.se\/zon0\/wp-json\/wp\/v2\/media?parent=153"}],"wp:term":[{"taxonomy":"product_brand","embeddable":true,"href":"https:\/\/yellotab.se\/zon0\/wp-json\/wp\/v2\/product_brand?post=153"},{"taxonomy":"product_cat","embeddable":true,"href":"https:\/\/yellotab.se\/zon0\/wp-json\/wp\/v2\/product_cat?post=153"},{"taxonomy":"product_tag","embeddable":true,"href":"https:\/\/yellotab.se\/zon0\/wp-json\/wp\/v2\/product_tag?post=153"}],"curies":[{"name":"wp","href":"https:\/\/api.w.org\/{rel}","templated":true}]}}